{"id":29007,"date":"2021-10-25T09:38:51","date_gmt":"2021-10-25T08:38:51","guid":{"rendered":"https:\/\/dawogroup.com\/fr\/?post_type=project&#038;p=29007"},"modified":"2022-01-10T12:05:34","modified_gmt":"2022-01-10T11:05:34","slug":"anderlecht-7-appartements","status":"publish","type":"project","link":"https:\/\/dawogroup.com\/fr\/project\/anderlecht-7-appartements\/","title":{"rendered":"Anderlecht | 7 appartements"},"content":{"rendered":"<p>[et_pb_section fb_built=\u00a0\u00bb1&Prime; _builder_version=\u00a0\u00bb4.9.4&Prime; _module_preset=\u00a0\u00bbdefault\u00a0\u00bb custom_padding=\u00a0\u00bb1px||0px|||\u00a0\u00bb][et_pb_row column_structure=\u00a0\u00bb2_5,3_5&Prime; _builder_version=\u00a0\u00bb4.9.4&Prime; _module_preset=\u00a0\u00bbdefault\u00a0\u00bb width=\u00a0\u00bb100%\u00a0\u00bb max_width=\u00a0\u00bb100%\u00a0\u00bb custom_margin_tablet=\u00a0\u00bb\u00a0\u00bb custom_margin_phone=\u00a0\u00bb\u00a0\u00bb custom_margin_last_edited=\u00a0\u00bbon|tablet\u00a0\u00bb custom_padding=\u00a0\u00bb0px||0px||false|false\u00a0\u00bb][et_pb_column type=\u00a0\u00bb2_5&Prime; _builder_version=\u00a0\u00bb4.9.4&Prime; _module_preset=\u00a0\u00bbdefault\u00a0\u00bb][et_pb_text _builder_version=\u00a0\u00bb4.9.4&Prime; _module_preset=\u00a0\u00bbdefault\u00a0\u00bb text_font=\u00a0\u00bbBellefair|||on|||||\u00a0\u00bb text_font_size=\u00a0\u00bb37px\u00a0\u00bb custom_margin=\u00a0\u00bb80px||29px|40px|false|false\u00a0\u00bb custom_margin_tablet=\u00a0\u00bb40px||20px|0px|false|false\u00a0\u00bb custom_margin_phone=\u00a0\u00bb\u00a0\u00bb custom_margin_last_edited=\u00a0\u00bbon|desktop\u00a0\u00bb custom_padding=\u00a0\u00bb10px|20px|10px||false|false\u00a0\u00bb custom_padding_tablet=\u00a0\u00bb0px|40px|0px|40px|false|true\u00a0\u00bb custom_padding_phone=\u00a0\u00bb\u00a0\u00bb custom_padding_last_edited=\u00a0\u00bbon|tablet\u00a0\u00bb text_font_size_tablet=\u00a0\u00bb34px\u00a0\u00bb text_font_size_phone=\u00a0\u00bb22px\u00a0\u00bb text_font_size_last_edited=\u00a0\u00bbon|tablet\u00a0\u00bb]<\/p>\n<p>La r\u00e9sidence nationale<\/p>\n<p>[\/et_pb_text][et_pb_text _builder_version=\u00a0\u00bb4.9.4&Prime; _module_preset=\u00a0\u00bbdefault\u00a0\u00bb text_font=\u00a0\u00bb|700||on|||||\u00a0\u00bb text_font_size=\u00a0\u00bb17px\u00a0\u00bb custom_margin=\u00a0\u00bb||21px|40px|false|false\u00a0\u00bb custom_margin_tablet=\u00a0\u00bb|||0px|false|false\u00a0\u00bb custom_margin_phone=\u00a0\u00bb\u00a0\u00bb custom_margin_last_edited=\u00a0\u00bbon|phone\u00a0\u00bb custom_padding=\u00a0\u00bb|0px|0px|0px|false|false\u00a0\u00bb custom_padding_tablet=\u00a0\u00bb|40px||40px|false|true\u00a0\u00bb custom_padding_phone=\u00a0\u00bb\u00a0\u00bb custom_padding_last_edited=\u00a0\u00bbon|tablet\u00a0\u00bb]<\/p>\n<p><strong>\u00a01070 Anderlecht &#8211; <span style=\"color: #50b794;\">100% vendus\u00a0<\/span><\/strong><\/p>\n<p>[\/et_pb_text][et_pb_text _builder_version=\u00a0\u00bb4.9.4&Prime; _module_preset=\u00a0\u00bbdefault\u00a0\u00bb text_font_size=\u00a0\u00bb23px\u00a0\u00bb text_line_height=\u00a0\u00bb1.6em\u00a0\u00bb custom_margin=\u00a0\u00bb|||40px|false|false\u00a0\u00bb custom_margin_tablet=\u00a0\u00bb|||0px|false|false\u00a0\u00bb custom_margin_phone=\u00a0\u00bb\u00a0\u00bb custom_margin_last_edited=\u00a0\u00bbon|desktop\u00a0\u00bb custom_padding=\u00a0\u00bb|40px||0px|false|false\u00a0\u00bb custom_padding_tablet=\u00a0\u00bb|40px||40px|false|true\u00a0\u00bb custom_padding_phone=\u00a0\u00bb\u00a0\u00bb custom_padding_last_edited=\u00a0\u00bbon|tablet\u00a0\u00bb text_font_size_tablet=\u00a0\u00bb18px\u00a0\u00bb text_font_size_phone=\u00a0\u00bb14px\u00a0\u00bb text_font_size_last_edited=\u00a0\u00bbon|phone\u00a0\u00bb]<\/p>\n<p><span>Au coeur d&rsquo;Anderlecht, proche de toutes commodit\u00e9s et du m\u00e9tro La Roue.<br \/>La r\u00e9sidence Nationale a \u00e9t\u00e9 r\u00e9alis\u00e9e en 2014.<\/span><\/p>\n<p>[\/et_pb_text][et_pb_text _builder_version=\u00a0\u00bb4.9.4&Prime; _module_preset=\u00a0\u00bbdefault\u00a0\u00bb text_font_size=\u00a0\u00bb18px\u00a0\u00bb text_line_height=\u00a0\u00bb1.6em\u00a0\u00bb custom_margin=\u00a0\u00bb|||40px|false|false\u00a0\u00bb custom_margin_tablet=\u00a0\u00bb|||0px|false|false\u00a0\u00bb custom_margin_phone=\u00a0\u00bb\u00a0\u00bb custom_margin_last_edited=\u00a0\u00bbon|phone\u00a0\u00bb custom_padding=\u00a0\u00bb|40px|0px|0px|false|false\u00a0\u00bb custom_padding_tablet=\u00a0\u00bb|40px||40px|false|true\u00a0\u00bb custom_padding_phone=\u00a0\u00bb\u00a0\u00bb custom_padding_last_edited=\u00a0\u00bbon|tablet\u00a0\u00bb hover_enabled=\u00a0\u00bb0&Prime; text_font_size_tablet=\u00a0\u00bb\u00a0\u00bb text_font_size_phone=\u00a0\u00bb14px\u00a0\u00bb text_font_size_last_edited=\u00a0\u00bbon|phone\u00a0\u00bb sticky_enabled=\u00a0\u00bb0&Prime;]<\/p>\n<p><strong>7 appartements\u00a0<\/strong><br \/><span>68m\u00b2\u00a0 \u00a0 \u00a0|\u00a0 \u00a0 <\/span>\u00a01 appartement 1 chambre<br \/><span>87m\u00b2\u00a0 \u00a0 \u00a0| <\/span>\u00a0 \u00a0 5 appartements 2 chambres<br \/><span>110m\u00b2\u00a0 \u00a0 \u00a0| <\/span>\u00a0 \u00a0 1 appartement 3 chambres<\/p>\n<p>&nbsp;<\/p>\n<p>[\/et_pb_text][\/et_pb_column][et_pb_column type=\u00a0\u00bb3_5&Prime; _builder_version=\u00a0\u00bb4.9.4&Prime; _module_preset=\u00a0\u00bbdefault\u00a0\u00bb][et_pb_image src=\u00a0\u00bbhttp:\/\/dawogroup.com\/fr\/wp-content\/uploads\/sites\/2\/2021\/10\/avsocietenationale1-scaled.jpg\u00a0\u00bb alt=\u00a0\u00bbdawogroup_anderelecht_8appartements\u00a0\u00bb title_text=\u00a0\u00bbDawo_Group_ResidenceNationale\u00a0\u00bb _builder_version=\u00a0\u00bb4.9.4&Prime; _module_preset=\u00a0\u00bbdefault\u00a0\u00bb][\/et_pb_image][\/et_pb_column][\/et_pb_row][\/et_pb_section]<\/p>\n","protected":false},"excerpt":{"rendered":"<p>[et_pb_section fb_built=\u00a0\u00bb1&Prime; _builder_version=\u00a0\u00bb4.9.4&Prime; _module_preset=\u00a0\u00bbdefault\u00a0\u00bb custom_padding=\u00a0\u00bb1px||0px|||\u00a0\u00bb][et_pb_row column_structure=\u00a0\u00bb2_5,3_5&Prime; _builder_version=\u00a0\u00bb4.9.4&Prime; _module_preset=\u00a0\u00bbdefault\u00a0\u00bb width=\u00a0\u00bb100%\u00a0\u00bb max_width=\u00a0\u00bb100%\u00a0\u00bb custom_margin_tablet=\u00a0\u00bb\u00a0\u00bb custom_margin_phone=\u00a0\u00bb\u00a0\u00bb custom_margin_last_edited=\u00a0\u00bbon|tablet\u00a0\u00bb custom_padding=\u00a0\u00bb0px||0px||false|false\u00a0\u00bb][et_pb_column type=\u00a0\u00bb2_5&Prime; _builder_version=\u00a0\u00bb4.9.4&Prime; _module_preset=\u00a0\u00bbdefault\u00a0\u00bb][et_pb_text _builder_version=\u00a0\u00bb4.9.4&Prime; _module_preset=\u00a0\u00bbdefault\u00a0\u00bb text_font=\u00a0\u00bbBellefair|||on|||||\u00a0\u00bb text_font_size=\u00a0\u00bb37px\u00a0\u00bb custom_margin=\u00a0\u00bb80px||29px|40px|false|false\u00a0\u00bb custom_margin_tablet=\u00a0\u00bb40px||20px|0px|false|false\u00a0\u00bb custom_margin_phone=\u00a0\u00bb\u00a0\u00bb custom_margin_last_edited=\u00a0\u00bbon|desktop\u00a0\u00bb custom_padding=\u00a0\u00bb10px|20px|10px||false|false\u00a0\u00bb custom_padding_tablet=\u00a0\u00bb0px|40px|0px|40px|false|true\u00a0\u00bb custom_padding_phone=\u00a0\u00bb\u00a0\u00bb custom_padding_last_edited=\u00a0\u00bbon|tablet\u00a0\u00bb text_font_size_tablet=\u00a0\u00bb34px\u00a0\u00bb text_font_size_phone=\u00a0\u00bb22px\u00a0\u00bb text_font_size_last_edited=\u00a0\u00bbon|tablet\u00a0\u00bb] La r\u00e9sidence nationale [\/et_pb_text][et_pb_text _builder_version=\u00a0\u00bb4.9.4&Prime; _module_preset=\u00a0\u00bbdefault\u00a0\u00bb text_font=\u00a0\u00bb|700||on|||||\u00a0\u00bb text_font_size=\u00a0\u00bb17px\u00a0\u00bb custom_margin=\u00a0\u00bb||21px|40px|false|false\u00a0\u00bb custom_margin_tablet=\u00a0\u00bb|||0px|false|false\u00a0\u00bb custom_margin_phone=\u00a0\u00bb\u00a0\u00bb custom_margin_last_edited=\u00a0\u00bbon|phone\u00a0\u00bb custom_padding=\u00a0\u00bb|0px|0px|0px|false|false\u00a0\u00bb custom_padding_tablet=\u00a0\u00bb|40px||40px|false|true\u00a0\u00bb custom_padding_phone=\u00a0\u00bb\u00a0\u00bb custom_padding_last_edited=\u00a0\u00bbon|tablet\u00a0\u00bb] \u00a01070 Anderlecht &#8211; 100% vendus\u00a0 [\/et_pb_text][et_pb_text _builder_version=\u00a0\u00bb4.9.4&Prime; [&hellip;]<\/p>\n","protected":false},"author":1,"featured_media":29008,"comment_status":"open","ping_status":"closed","template":"","meta":{"_et_pb_use_builder":"on","_et_pb_old_content":"","_et_gb_content_width":"","om_disable_all_campaigns":false,"_mi_skip_tracking":false},"project_category":[11],"project_tag":[],"aioseo_notices":[],"_links":{"self":[{"href":"https:\/\/dawogroup.com\/fr\/wp-json\/wp\/v2\/project\/29007"}],"collection":[{"href":"https:\/\/dawogroup.com\/fr\/wp-json\/wp\/v2\/project"}],"about":[{"href":"https:\/\/dawogroup.com\/fr\/wp-json\/wp\/v2\/types\/project"}],"author":[{"embeddable":true,"href":"https:\/\/dawogroup.com\/fr\/wp-json\/wp\/v2\/users\/1"}],"replies":[{"embeddable":true,"href":"https:\/\/dawogroup.com\/fr\/wp-json\/wp\/v2\/comments?post=29007"}],"version-history":[{"count":18,"href":"https:\/\/dawogroup.com\/fr\/wp-json\/wp\/v2\/project\/29007\/revisions"}],"predecessor-version":[{"id":29346,"href":"https:\/\/dawogroup.com\/fr\/wp-json\/wp\/v2\/project\/29007\/revisions\/29346"}],"wp:featuredmedia":[{"embeddable":true,"href":"https:\/\/dawogroup.com\/fr\/wp-json\/wp\/v2\/media\/29008"}],"wp:attachment":[{"href":"https:\/\/dawogroup.com\/fr\/wp-json\/wp\/v2\/media?parent=29007"}],"wp:term":[{"taxonomy":"project_category","embeddable":true,"href":"https:\/\/dawogroup.com\/fr\/wp-json\/wp\/v2\/project_category?post=29007"},{"taxonomy":"project_tag","embeddable":true,"href":"https:\/\/dawogroup.com\/fr\/wp-json\/wp\/v2\/project_tag?post=29007"}],"curies":[{"name":"wp","href":"https:\/\/api.w.org\/{rel}","templated":true}]}}